{"id":25369,"date":"2022-11-24T14:42:43","date_gmt":"2022-11-24T14:42:43","guid":{"rendered":"http:\/\/ndgdenetim.com\/?page_id=25369"},"modified":"2022-11-28T07:51:56","modified_gmt":"2022-11-28T07:51:56","slug":"ortaklar","status":"publish","type":"page","link":"http:\/\/ndgdenetim.com\/index.php\/ortaklar\/","title":{"rendered":"Ortaklar"},"content":{"rendered":"<div class=\"vgblk-rw-wrapper limit-wrapper\">\n<h3>\n\t\tMurat G\u00d6KTA\u015e- Yeminli Mali M\u00fc\u015favir &#8211; Sorumlu Ba\u015f Denet\u00e7i\n\t<\/h3>\n\t\t\t\t\t\t\t<img decoding=\"async\" loading=\"lazy\" src=\"http:\/\/ndgdenetim.com\/wp-content\/uploads\/2022\/11\/muratgoktas-285x281.jpg\" alt=\"muratgoktas\" itemprop=\"image\" height=\"281\" width=\"285\" title=\"muratgoktas\" onerror=\"this.style.display='none'\"  sizes=\"(max-width: 768px) 100vw, 100vw\" srcset=\"http:\/\/ndgdenetim.com\/wp-content\/uploads\/2022\/11\/muratgoktas-285x281.jpg 285w, http:\/\/ndgdenetim.com\/wp-content\/uploads\/2022\/11\/muratgoktas-100x100.jpg 100w, http:\/\/ndgdenetim.com\/wp-content\/uploads\/2022\/11\/muratgoktas.jpg 336w\" \/>\t\t\t\t\t\t\t\n\t<p>1974 y\u0131l\u0131nda Kangal da do\u011fdu. \u0130lk ve orta \u00f6\u011frenimini Kangal&#8217;da tamamlad\u0131. Cumhuriyet \u00dcniversitesi \u0130\u015fletme B\u00f6l\u00fcm\u00fcnden mezun oldu. \u0130stanbul \u00dcniversitesi \u0130\u015fletme \u0130ktisad\u0131 Ens\u00fct\u00fc&#8217;de Muhasebe Denetim Y\u00fcksek Lisans e\u011fitimini tamamlad\u0131. 2005-2015 Y\u0131llar\u0131 aras\u0131nda Mali M\u00fc\u015favirlik 2015-2018 Y\u0131llar\u0131 aras\u0131nda yabanc\u0131 \u015firketlerin T\u00fcrkiye Temsilcili\u011fi yapt\u0131. Stajyerlik ve i\u015f hayat\u0131nda S\u0131ras\u0131yla Mali M\u00fc\u015favirlik ofisi ve Denetim \u015firketlerinde \u00e7al\u0131\u015farak kapsaml\u0131 ve yo\u011fun bir i\u015f tecr\u00fcbesine sahiptir. 20018 Y\u0131l\u0131ndan itibaren \u00e7al\u0131\u015fma hayat\u0131na Yeminli Mali M\u00fc\u015favir olarak devam etmektedir. NDG Global Denetim ve Yeminli Mali M\u00fc\u015favirlik ve Denetim A.\u015e.&#8217;nin kurucu orta\u011f\u0131 olan Murat G\u00f6kta\u015f , 2019 ay\u0131ndan itibaren NDG Global Denetim ve Y.M.M. A.\u015e. orta\u011f\u0131 olarak Yeminli Mali M\u00fc\u015favirlik yapmaktad\u0131r. \u00c7ok say\u0131da makalesi ve Dijitalle\u015fen ekonominin vergilendirmesi D\u00fcnya ve T\u00fcrkiye Ad\u0131nda kitap bulunmaktad\u0131r.<\/p>\n\n<\/div><!-- .vgblk-rw-wrapper -->","protected":false},"excerpt":{"rendered":"<p>Murat G\u00d6KTA\u015e- Yeminli Mali M\u00fc\u015favir &#8211; Sorumlu Ba\u015f Denet\u00e7i 1974 y\u0131l\u0131nda Kangal da do\u011fdu. \u0130lk ve orta \u00f6\u011frenimini Kangal&#8217;da tamamlad\u0131. Cumhuriyet \u00dcniversitesi \u0130\u015fletme B\u00f6l\u00fcm\u00fcnden mezun oldu. \u0130stanbul \u00dcniversitesi \u0130\u015fletme \u0130ktisad\u0131&#8230;<\/p>\n","protected":false},"author":1,"featured_media":0,"parent":0,"menu_order":0,"comment_status":"closed","ping_status":"closed","template":"guestbook.php","meta":{"inline_featured_image":false},"_links":{"self":[{"href":"http:\/\/ndgdenetim.com\/index.php\/wp-json\/wp\/v2\/pages\/25369"}],"collection":[{"href":"http:\/\/ndgdenetim.com\/index.php\/wp-json\/wp\/v2\/pages"}],"about":[{"href":"http:\/\/ndgdenetim.com\/index.php\/wp-json\/wp\/v2\/types\/page"}],"author":[{"embeddable":true,"href":"http:\/\/ndgdenetim.com\/index.php\/wp-json\/wp\/v2\/users\/1"}],"replies":[{"embeddable":true,"href":"http:\/\/ndgdenetim.com\/index.php\/wp-json\/wp\/v2\/comments?post=25369"}],"version-history":[{"count":3,"href":"http:\/\/ndgdenetim.com\/index.php\/wp-json\/wp\/v2\/pages\/25369\/revisions"}],"predecessor-version":[{"id":987681,"href":"http:\/\/ndgdenetim.com\/index.php\/wp-json\/wp\/v2\/pages\/25369\/revisions\/987681"}],"wp:attachment":[{"href":"http:\/\/ndgdenetim.com\/index.php\/wp-json\/wp\/v2\/media?parent=25369"}],"curies":[{"name":"wp","href":"https:\/\/api.w.org\/{rel}","templated":true}]}}